{"id":590,"date":"2024-02-14T06:15:54","date_gmt":"2024-02-14T06:15:54","guid":{"rendered":"https:\/\/leclosdelacotedor.fr\/?page_id=590"},"modified":"2024-02-20T11:42:05","modified_gmt":"2024-02-20T11:42:05","slug":"blog","status":"publish","type":"page","link":"https:\/\/leclosdelacotedor.fr\/en\/blog\/","title":{"rendered":"Blog"},"content":{"rendered":"<div data-elementor-type=\"wp-page\" data-elementor-id=\"590\" class=\"elementor elementor-590\" data-elementor-post-type=\"page\">\n\t\t\t\t\t\t<section class=\"elementor-section elementor-top-section elementor-element elementor-element-6e771de elementor-section-height-min-height elementor-section-boxed elementor-section-height-default elementor-section-items-middle\" data-id=\"6e771de\" data-element_type=\"section\" data-e-type=\"section\" data-settings=\"{&quot;background_background&quot;:&quot;classic&quot;}\">\n\t\t\t\t\t\t\t<div class=\"elementor-background-overlay\"><\/div>\n\t\t\t\t\t\t\t<div class=\"elementor-container elementor-column-gap-default\">\n\t\t\t\t\t<div class=\"elementor-column elementor-col-100 elementor-top-column elementor-element elementor-element-88ef422\" data-id=\"88ef422\" data-element_type=\"column\" data-e-type=\"column\">\n\t\t\t<div class=\"elementor-widget-wrap elementor-element-populated\">\n\t\t\t\t\t\t<div class=\"elementor-element elementor-element-4853de3 elementor-widget elementor-widget-spacer\" data-id=\"4853de3\" data-element_type=\"widget\" data-e-type=\"widget\" data-widget_type=\"spacer.default\">\n\t\t\t\t<div class=\"elementor-widget-container\">\n\t\t\t\t\t\t\t<div class=\"elementor-spacer\">\n\t\t\t<div class=\"elementor-spacer-inner\"><\/div>\n\t\t<\/div>\n\t\t\t\t\t\t<\/div>\n\t\t\t\t<\/div>\n\t\t\t\t<div class=\"elementor-element elementor-element-cbaaf05 elementor-view-default elementor-position-top elementor-widget elementor-widget-themo-header\" data-id=\"cbaaf05\" data-element_type=\"widget\" data-e-type=\"widget\" data-widget_type=\"themo-header.default\">\n\t\t\t\t<div class=\"elementor-widget-container\">\n\t\t\t\t\t\t\t<div class=\"th-header-wrap\">\n        <div class=\"elementor-icon-box-wrapper\">\n                            <div class=\"elementor-icon-box-content\">\n                    <h1 class=\"elementor-icon-box-title\">\n                        BLOG                    <\/h1>\n                                        <p class=\"elementor-icon-box-description\"><\/p>\n\n                                    <\/div>\n            <\/div>\n\n        <\/div>\n\n\t\t\t\t\t\t<\/div>\n\t\t\t\t<\/div>\n\t\t\t\t\t<\/div>\n\t\t<\/div>\n\t\t\t\t\t<\/div>\n\t\t<\/section>\n\t\t<div class=\"elementor-element elementor-element-f709f5a e-flex e-con-boxed e-con e-parent\" data-id=\"f709f5a\" data-element_type=\"container\" data-e-type=\"container\">\n\t\t\t\t\t<div class=\"e-con-inner\">\n\t\t\t\t<div class=\"elementor-element elementor-element-552d291 elementor-widget elementor-widget-themo-blog\" data-id=\"552d291\" data-element_type=\"widget\" data-e-type=\"widget\" data-widget_type=\"themo-blog.default\">\n\t\t\t\t<div class=\"elementor-widget-container\">\n\t\t\t\t\t\n                                <section class=\"th-masonry-blog th-blog-3-col\">\n\n                        <div class=\"mas-blog row\">\n                            <div class=\"mas-blog-post-sizer col-sm-6 col-md-4\"><\/div>\n                                                                                            <div class=\"mas-blog-post col-sm-6 col-md-4 post-2436 post type-post status-publish format-standard has-post-thumbnail hentry category-activites category-bourgogne category-region-cote-dor category-voyage\">\n                                                <a href=\"https:\/\/leclosdelacotedor.fr\/en\/gite-ecologique\/\">\n            <img fetchpriority=\"high\" decoding=\"async\" width=\"394\" height=\"303\" src=\"https:\/\/leclosdelacotedor.fr\/wp-content\/uploads\/2024\/07\/location-gite-bourgogne-394x303.jpg\" class=\"img-responsive wp-post-image\" alt=\"location gite bourgogne cousinades\" srcset=\"https:\/\/leclosdelacotedor.fr\/wp-content\/uploads\/2024\/07\/location-gite-bourgogne-394x303.jpg 394w, https:\/\/leclosdelacotedor.fr\/wp-content\/uploads\/2024\/07\/location-gite-bourgogne-605x465.jpg 605w\" sizes=\"(max-width: 394px) 100vw, 394px\" \/>        <\/a>\n    \n<div class=\"post-inner\">\n    <h3 class=\"post-title\"><a href=\"https:\/\/leclosdelacotedor.fr\/en\/gite-ecologique\/\">Un g\u00eete \u00e9cologique en bourgogne<\/a><\/h3>\n\n    <div class=\"post-meta\">\n    <a href=\"https:\/\/leclosdelacotedor.fr\/en\/category\/activites\/\" rel=\"category tag\">Activit\u00e9s<\/a>&nbsp;<a href=\"https:\/\/leclosdelacotedor.fr\/en\/category\/bourgogne\/\" rel=\"category tag\">Bourgogne<\/a>&nbsp;<a href=\"https:\/\/leclosdelacotedor.fr\/en\/category\/region-cote-dor\/\" rel=\"category tag\">region cote-d'or<\/a>&nbsp;<a href=\"https:\/\/leclosdelacotedor.fr\/en\/category\/voyage\/\" rel=\"category tag\">Voyage<\/a><\/div>\n\n            <div class=\"entry-content post-excerpt\">\n            <p>\n                Quand l&rsquo;authenticit\u00e9 bourguignonne rencontre l&rsquo;innovation \u00e9cologique, cela donne une nouvelle dimension \u00e0 l&rsquo;exp\u00e9rience touristique. Au Clos de la C\u00f4te d&rsquo;Or, nous avons franchi un cap majeur vers l&rsquo;autonomie \u00e9nerg\u00e9tique avec l&rsquo;installation de 30 panneaux solaires de derni\u00e8re g\u00e9n\u00e9ration. Cette transformation &hellip; <a href=\"https:\/\/leclosdelacotedor.fr\/en\/gite-ecologique\/\">Read More<\/a>            <\/p>\n        <\/div>\n            <div class=\"date-meta\">\n    <span class=\"thmv-author\">\n    <i class=\"xs-icon fa fa-calendar-o\"><\/i>\n    <!--div class=\"post-meta\"-->\n        <span class=\"themo-mas-date-meta show-author\"><a href=\"https:\/\/leclosdelacotedor.fr\/en\/author\/audrey-vicariniau2vi-fr\/\" title=\"Posts by audrey.vicarini@au2vi.fr\" rel=\"author\">audrey.vicarini@au2vi.fr<\/a><\/span>\n    <\/span>\n    \n        <time class=\"themo-mas-date-meta published thmv-date\" datetime=\"2026-04-08T09:03:50+00:00\">April 8, 2026<\/time>\n            <!--\/div-->\n    <span class=\"is-sticky\">Featured Post<\/span>\n<\/div><\/div>\n                                <\/div>\n\n                                                                                            <div class=\"mas-blog-post col-sm-6 col-md-4 post-2395 post type-post status-publish format-standard has-post-thumbnail hentry category-activites category-bourgogne category-region-cote-dor\">\n                                                <a href=\"https:\/\/leclosdelacotedor.fr\/en\/reservez-en-direct-vos-vacances-en-bourgogne\/\">\n            <img fetchpriority=\"high\" decoding=\"async\" width=\"394\" height=\"303\" src=\"https:\/\/leclosdelacotedor.fr\/wp-content\/uploads\/2024\/07\/location-gite-bourgogne-394x303.jpg\" class=\"img-responsive wp-post-image\" alt=\"location gite bourgogne cousinades\" srcset=\"https:\/\/leclosdelacotedor.fr\/wp-content\/uploads\/2024\/07\/location-gite-bourgogne-394x303.jpg 394w, https:\/\/leclosdelacotedor.fr\/wp-content\/uploads\/2024\/07\/location-gite-bourgogne-605x465.jpg 605w\" sizes=\"(max-width: 394px) 100vw, 394px\" \/>        <\/a>\n    \n<div class=\"post-inner\">\n    <h3 class=\"post-title\"><a href=\"https:\/\/leclosdelacotedor.fr\/en\/reservez-en-direct-vos-vacances-en-bourgogne\/\">Bourgogne : R\u00e9servez en direct, gagnez en confiance<\/a><\/h3>\n\n    <div class=\"post-meta\">\n    <a href=\"https:\/\/leclosdelacotedor.fr\/en\/category\/activites\/\" rel=\"category tag\">Activit\u00e9s<\/a>&nbsp;<a href=\"https:\/\/leclosdelacotedor.fr\/en\/category\/bourgogne\/\" rel=\"category tag\">Bourgogne<\/a>&nbsp;<a href=\"https:\/\/leclosdelacotedor.fr\/en\/category\/region-cote-dor\/\" rel=\"category tag\">region cote-d'or<\/a><\/div>\n\n            <div class=\"entry-content post-excerpt\">\n            <p>\n                Vous r\u00eavez de votre prochaine escapade en C\u00f4te-d&rsquo;Or ? Entre vignes prestigieuses et pierres dor\u00e9es, le r\u00e9flexe est souvent d&rsquo;ouvrir une application c\u00e9l\u00e8bre pour trouver la perle rare. Ces plateformes sont tr\u00e8s pratiques pour d\u00e9couvrir notre belle r\u00e9gion. Mais une &hellip; <a href=\"https:\/\/leclosdelacotedor.fr\/en\/reservez-en-direct-vos-vacances-en-bourgogne\/\">Read More<\/a>            <\/p>\n        <\/div>\n            <div class=\"date-meta\">\n    <span class=\"thmv-author\">\n    <i class=\"xs-icon fa fa-calendar-o\"><\/i>\n    <!--div class=\"post-meta\"-->\n        <span class=\"themo-mas-date-meta show-author\"><a href=\"https:\/\/leclosdelacotedor.fr\/en\/author\/audrey-vicariniau2vi-fr\/\" title=\"Posts by audrey.vicarini@au2vi.fr\" rel=\"author\">audrey.vicarini@au2vi.fr<\/a><\/span>\n    <\/span>\n    \n        <time class=\"themo-mas-date-meta published thmv-date\" datetime=\"2026-03-02T09:03:56+00:00\">March 2, 2026<\/time>\n            <!--\/div-->\n    <span class=\"is-sticky\">Featured Post<\/span>\n<\/div><\/div>\n                                <\/div>\n\n                                                                                            <div class=\"mas-blog-post col-sm-6 col-md-4 post-2386 post type-post status-publish format-standard has-post-thumbnail hentry category-activites category-bourgogne category-region-cote-dor\">\n                                                <a href=\"https:\/\/leclosdelacotedor.fr\/en\/idees-sorties-saint-valentin-en-cote-dor\/\">\n            <img decoding=\"async\" width=\"394\" height=\"303\" src=\"https:\/\/leclosdelacotedor.fr\/wp-content\/uploads\/2024\/08\/weekend-bourgogne-394x303.webp\" class=\"img-responsive wp-post-image\" alt=\"weekend bourgogne\" srcset=\"https:\/\/leclosdelacotedor.fr\/wp-content\/uploads\/2024\/08\/weekend-bourgogne-394x303.webp 394w, https:\/\/leclosdelacotedor.fr\/wp-content\/uploads\/2024\/08\/weekend-bourgogne-605x465.webp 605w\" sizes=\"(max-width: 394px) 100vw, 394px\" \/>        <\/a>\n    \n<div class=\"post-inner\">\n    <h3 class=\"post-title\"><a href=\"https:\/\/leclosdelacotedor.fr\/en\/idees-sorties-saint-valentin-en-cote-dor\/\">Id\u00e9es sorties Saint-Valentin en C\u00f4te-d&rsquo;Or : exp\u00e9riences romantiques<\/a><\/h3>\n\n    <div class=\"post-meta\">\n    <a href=\"https:\/\/leclosdelacotedor.fr\/en\/category\/activites\/\" rel=\"category tag\">Activit\u00e9s<\/a>&nbsp;<a href=\"https:\/\/leclosdelacotedor.fr\/en\/category\/bourgogne\/\" rel=\"category tag\">Bourgogne<\/a>&nbsp;<a href=\"https:\/\/leclosdelacotedor.fr\/en\/category\/region-cote-dor\/\" rel=\"category tag\">region cote-d'or<\/a><\/div>\n\n            <div class=\"entry-content post-excerpt\">\n            <p>\n                La Saint-Valentin approche et vous cherchez des id\u00e9es sorties Saint-Valentin en C\u00f4te-d&rsquo;Or ? Avec ses vignobles \u00e0 perte de vue, son patrimoine exceptionnel et sa gastronomie raffin\u00e9e, la Bourgogne offre le cadre id\u00e9al pour c\u00e9l\u00e9brer votre amour. Que vous soyez &hellip; <a href=\"https:\/\/leclosdelacotedor.fr\/en\/idees-sorties-saint-valentin-en-cote-dor\/\">Read More<\/a>            <\/p>\n        <\/div>\n            <div class=\"date-meta\">\n    <span class=\"thmv-author\">\n    <i class=\"xs-icon fa fa-calendar-o\"><\/i>\n    <!--div class=\"post-meta\"-->\n        <span class=\"themo-mas-date-meta show-author\"><a href=\"https:\/\/leclosdelacotedor.fr\/en\/author\/audrey-vicariniau2vi-fr\/\" title=\"Posts by audrey.vicarini@au2vi.fr\" rel=\"author\">audrey.vicarini@au2vi.fr<\/a><\/span>\n    <\/span>\n    \n        <time class=\"themo-mas-date-meta published thmv-date\" datetime=\"2026-02-09T07:03:52+00:00\">February 9, 2026<\/time>\n            <!--\/div-->\n    <span class=\"is-sticky\">Featured Post<\/span>\n<\/div><\/div>\n                                <\/div>\n\n                                                                                            <div class=\"mas-blog-post col-sm-6 col-md-4 post-2292 post type-post status-publish format-standard has-post-thumbnail hentry category-activites category-region-cote-dor\">\n                                                <a href=\"https:\/\/leclosdelacotedor.fr\/en\/decembre-2025-en-cote-dor\/\">\n            <img decoding=\"async\" width=\"394\" height=\"303\" src=\"https:\/\/leclosdelacotedor.fr\/wp-content\/uploads\/2025\/12\/decembre-2025-394x303.webp\" class=\"img-responsive wp-post-image\" alt=\"decembre 2025\" srcset=\"https:\/\/leclosdelacotedor.fr\/wp-content\/uploads\/2025\/12\/decembre-2025-394x303.webp 394w, https:\/\/leclosdelacotedor.fr\/wp-content\/uploads\/2025\/12\/decembre-2025-605x465.webp 605w\" sizes=\"(max-width: 394px) 100vw, 394px\" \/>        <\/a>\n    \n<div class=\"post-inner\">\n    <h3 class=\"post-title\"><a href=\"https:\/\/leclosdelacotedor.fr\/en\/decembre-2025-en-cote-dor\/\">D\u00e9cembre 2025 en C\u00f4te d&rsquo;Or : La magie des f\u00eates\u00a0<\/a><\/h3>\n\n    <div class=\"post-meta\">\n    <a href=\"https:\/\/leclosdelacotedor.fr\/en\/category\/activites\/\" rel=\"category tag\">Activit\u00e9s<\/a>&nbsp;<a href=\"https:\/\/leclosdelacotedor.fr\/en\/category\/region-cote-dor\/\" rel=\"category tag\">region cote-d'or<\/a><\/div>\n\n            <div class=\"entry-content post-excerpt\">\n            <p>\n                En cette fin d&rsquo;ann\u00e9e 2025, la C\u00f4te d&rsquo;Or se pare de ses plus beaux atours pour c\u00e9l\u00e9brer les f\u00eates, offrant aux visiteurs une exp\u00e9rience authentique entre patrimoine, gastronomie et convivialit\u00e9. Des march\u00e9s de No\u00ebl enchanteurs aux d\u00e9gustations dans les caves &hellip; <a href=\"https:\/\/leclosdelacotedor.fr\/en\/decembre-2025-en-cote-dor\/\">Read More<\/a>            <\/p>\n        <\/div>\n            <div class=\"date-meta\">\n    <span class=\"thmv-author\">\n    <i class=\"xs-icon fa fa-calendar-o\"><\/i>\n    <!--div class=\"post-meta\"-->\n        <span class=\"themo-mas-date-meta show-author\"><a href=\"https:\/\/leclosdelacotedor.fr\/en\/author\/audrey-vicariniau2vi-fr\/\" title=\"Posts by audrey.vicarini@au2vi.fr\" rel=\"author\">audrey.vicarini@au2vi.fr<\/a><\/span>\n    <\/span>\n    \n        <time class=\"themo-mas-date-meta published thmv-date\" datetime=\"2025-12-02T14:26:19+00:00\">December 2, 2025<\/time>\n            <!--\/div-->\n    <span class=\"is-sticky\">Featured Post<\/span>\n<\/div><\/div>\n                                <\/div>\n\n                                                                                            <div class=\"mas-blog-post col-sm-6 col-md-4 post-1641 post type-post status-publish format-standard has-post-thumbnail hentry category-activites\">\n                                                <a href=\"https:\/\/leclosdelacotedor.fr\/en\/sauna-allie-immunite\/\">\n            <img loading=\"lazy\" decoding=\"async\" width=\"394\" height=\"303\" src=\"https:\/\/leclosdelacotedor.fr\/wp-content\/uploads\/2024\/10\/sauna-bienfaits-sante-394x303.webp\" class=\"img-responsive wp-post-image\" alt=\"bienfaits sauna\" srcset=\"https:\/\/leclosdelacotedor.fr\/wp-content\/uploads\/2024\/10\/sauna-bienfaits-sante-394x303.webp 394w, https:\/\/leclosdelacotedor.fr\/wp-content\/uploads\/2024\/10\/sauna-bienfaits-sante-605x465.webp 605w\" sizes=\"(max-width: 394px) 100vw, 394px\" \/>        <\/a>\n    \n<div class=\"post-inner\">\n    <h3 class=\"post-title\"><a href=\"https:\/\/leclosdelacotedor.fr\/en\/sauna-allie-immunite\/\">Sauna : votre alli\u00e9 en hiver pour renforcer votre immunit\u00e9<\/a><\/h3>\n\n    <div class=\"post-meta\">\n    <a href=\"https:\/\/leclosdelacotedor.fr\/en\/category\/activites\/\" rel=\"category tag\">Activit\u00e9s<\/a><\/div>\n\n            <div class=\"entry-content post-excerpt\">\n            <p>\n                Chaque ann\u00e9e l&rsquo;hiver est une saison propice aux petits bobos. Maux de gorge, rhumes, grippes&#8230; autant de d\u00e9sagr\u00e9ments que l&rsquo;on aimerait \u00e9viter. Pour renforcer vos d\u00e9fenses immunitaires et affronter sereinement les frimas, le sauna s&rsquo;impose comme un alli\u00e9 de choix. &hellip; <a href=\"https:\/\/leclosdelacotedor.fr\/en\/sauna-allie-immunite\/\">Read More<\/a>            <\/p>\n        <\/div>\n            <div class=\"date-meta\">\n    <span class=\"thmv-author\">\n    <i class=\"xs-icon fa fa-calendar-o\"><\/i>\n    <!--div class=\"post-meta\"-->\n        <span class=\"themo-mas-date-meta show-author\"><a href=\"https:\/\/leclosdelacotedor.fr\/en\/author\/audrey-vicariniau2vi-fr\/\" title=\"Posts by audrey.vicarini@au2vi.fr\" rel=\"author\">audrey.vicarini@au2vi.fr<\/a><\/span>\n    <\/span>\n    \n        <time class=\"themo-mas-date-meta published thmv-date\" datetime=\"2025-11-04T17:03:44+00:00\">November 4, 2025<\/time>\n                    <span class=\"themo-mas-date-meta show-comments\"><\/span>\n            <!--\/div-->\n    <span class=\"is-sticky\">Featured Post<\/span>\n<\/div><\/div>\n                                <\/div>\n\n                                                                                            <div class=\"mas-blog-post col-sm-6 col-md-4 post-2050 post type-post status-publish format-standard has-post-thumbnail hentry category-activites category-bourgogne category-region-cote-dor category-voyage\">\n                                                <a href=\"https:\/\/leclosdelacotedor.fr\/en\/que-prevoir-pour-une-balade-a-velo-en-bourgogne\/\">\n            <img loading=\"lazy\" decoding=\"async\" width=\"394\" height=\"303\" src=\"https:\/\/leclosdelacotedor.fr\/wp-content\/uploads\/2025\/07\/preparation-balade-velo-bourgogne-394x303.webp\" class=\"img-responsive wp-post-image\" alt=\"pre\u0301paration balade ve\u0301lo bourgogne\" srcset=\"https:\/\/leclosdelacotedor.fr\/wp-content\/uploads\/2025\/07\/preparation-balade-velo-bourgogne-394x303.webp 394w, https:\/\/leclosdelacotedor.fr\/wp-content\/uploads\/2025\/07\/preparation-balade-velo-bourgogne-605x465.webp 605w\" sizes=\"(max-width: 394px) 100vw, 394px\" \/>        <\/a>\n    \n<div class=\"post-inner\">\n    <h3 class=\"post-title\"><a href=\"https:\/\/leclosdelacotedor.fr\/en\/que-prevoir-pour-une-balade-a-velo-en-bourgogne\/\">Que pr\u00e9voir pour une balade \u00e0 v\u00e9lo en Bourgogne : guide complet de l&rsquo;\u00e9quipement indispensable<\/a><\/h3>\n\n    <div class=\"post-meta\">\n    <a href=\"https:\/\/leclosdelacotedor.fr\/en\/category\/activites\/\" rel=\"category tag\">Activit\u00e9s<\/a>&nbsp;<a href=\"https:\/\/leclosdelacotedor.fr\/en\/category\/bourgogne\/\" rel=\"category tag\">Bourgogne<\/a>&nbsp;<a href=\"https:\/\/leclosdelacotedor.fr\/en\/category\/region-cote-dor\/\" rel=\"category tag\">region cote-d'or<\/a>&nbsp;<a href=\"https:\/\/leclosdelacotedor.fr\/en\/category\/voyage\/\" rel=\"category tag\">Voyage<\/a><\/div>\n\n            <div class=\"entry-content post-excerpt\">\n            <p>\n                Que pr\u00e9voir pour une balade \u00e0 v\u00e9lo en Bourgogne : guide complet de l&rsquo;\u00e9quipement indispensable La Bourgogne, avec ses routes sinueuses traversant vignobles et villages de caract\u00e8re, constitue un terrain de jeu exceptionnel pour les amateurs de cyclisme. Cependant, la &hellip; <a href=\"https:\/\/leclosdelacotedor.fr\/en\/que-prevoir-pour-une-balade-a-velo-en-bourgogne\/\">Read More<\/a>            <\/p>\n        <\/div>\n            <div class=\"date-meta\">\n    <span class=\"thmv-author\">\n    <i class=\"xs-icon fa fa-calendar-o\"><\/i>\n    <!--div class=\"post-meta\"-->\n        <span class=\"themo-mas-date-meta show-author\"><a href=\"https:\/\/leclosdelacotedor.fr\/en\/author\/virginie-veluau2vi-fr\/\" title=\"Posts by virginie.velu@au2vi.fr\" rel=\"author\">virginie.velu@au2vi.fr<\/a><\/span>\n    <\/span>\n    \n        <time class=\"themo-mas-date-meta published thmv-date\" datetime=\"2025-11-04T17:02:15+00:00\">November 4, 2025<\/time>\n            <!--\/div-->\n    <span class=\"is-sticky\">Featured Post<\/span>\n<\/div><\/div>\n                                <\/div>\n\n                                                                                            <div class=\"mas-blog-post col-sm-6 col-md-4 post-1674 post type-post status-publish format-standard has-post-thumbnail hentry category-region-cote-dor\">\n                                                <a href=\"https:\/\/leclosdelacotedor.fr\/en\/cote-dor-les-plus-beaux-villages\/\">\n            <img loading=\"lazy\" decoding=\"async\" width=\"394\" height=\"303\" src=\"https:\/\/leclosdelacotedor.fr\/wp-content\/uploads\/2024\/11\/villages-cote-dor-394x303.webp\" class=\"img-responsive wp-post-image\" alt=\"villages cote d&#039;or\" srcset=\"https:\/\/leclosdelacotedor.fr\/wp-content\/uploads\/2024\/11\/villages-cote-dor-394x303.webp 394w, https:\/\/leclosdelacotedor.fr\/wp-content\/uploads\/2024\/11\/villages-cote-dor-605x465.webp 605w\" sizes=\"(max-width: 394px) 100vw, 394px\" \/>        <\/a>\n    \n<div class=\"post-inner\">\n    <h3 class=\"post-title\"><a href=\"https:\/\/leclosdelacotedor.fr\/en\/cote-dor-les-plus-beaux-villages\/\">C\u00f4te-d&rsquo;Or : les plus beaux villages<\/a><\/h3>\n\n    <div class=\"post-meta\">\n    <a href=\"https:\/\/leclosdelacotedor.fr\/en\/category\/region-cote-dor\/\" rel=\"category tag\">region cote-d'or<\/a><\/div>\n\n            <div class=\"entry-content post-excerpt\">\n            <p>\n                La C\u00f4te-d&rsquo;Or, terre de vignobles et de ch\u00e2teaux, abrite \u00e9galement de charmants villages qui ont su pr\u00e9server leur authenticit\u00e9 et leur patrimoine. Ces joyaux architecturaux, nich\u00e9s au c\u0153ur de paysages bucoliques, offrent un voyage dans le temps et invitent \u00e0 &hellip; <a href=\"https:\/\/leclosdelacotedor.fr\/en\/cote-dor-les-plus-beaux-villages\/\">Read More<\/a>            <\/p>\n        <\/div>\n            <div class=\"date-meta\">\n    <span class=\"thmv-author\">\n    <i class=\"xs-icon fa fa-calendar-o\"><\/i>\n    <!--div class=\"post-meta\"-->\n        <span class=\"themo-mas-date-meta show-author\"><a href=\"https:\/\/leclosdelacotedor.fr\/en\/author\/audrey-vicariniau2vi-fr\/\" title=\"Posts by audrey.vicarini@au2vi.fr\" rel=\"author\">audrey.vicarini@au2vi.fr<\/a><\/span>\n    <\/span>\n    \n        <time class=\"themo-mas-date-meta published thmv-date\" datetime=\"2025-11-04T16:54:43+00:00\">November 4, 2025<\/time>\n            <!--\/div-->\n    <span class=\"is-sticky\">Featured Post<\/span>\n<\/div><\/div>\n                                <\/div>\n\n                                                                                            <div class=\"mas-blog-post col-sm-6 col-md-4 post-913 post type-post status-publish format-standard has-post-thumbnail hentry category-region-cote-dor\">\n                                                <a href=\"https:\/\/leclosdelacotedor.fr\/en\/beaune-un-joyau-bourguignon-a-decouvrir-cet-ete\/\">\n            <img loading=\"lazy\" decoding=\"async\" width=\"394\" height=\"303\" src=\"https:\/\/leclosdelacotedor.fr\/wp-content\/uploads\/2024\/03\/beaune-1-394x303.webp\" class=\"img-responsive wp-post-image\" alt=\"Beaune\" srcset=\"https:\/\/leclosdelacotedor.fr\/wp-content\/uploads\/2024\/03\/beaune-1-394x303.webp 394w, https:\/\/leclosdelacotedor.fr\/wp-content\/uploads\/2024\/03\/beaune-1-14x12.webp 14w, https:\/\/leclosdelacotedor.fr\/wp-content\/uploads\/2024\/03\/beaune-1-605x465.webp 605w\" sizes=\"(max-width: 394px) 100vw, 394px\" \/>        <\/a>\n    \n<div class=\"post-inner\">\n    <h3 class=\"post-title\"><a href=\"https:\/\/leclosdelacotedor.fr\/en\/beaune-un-joyau-bourguignon-a-decouvrir-cet-ete\/\">Beaune : Un joyau bourguignon \u00e0 d\u00e9couvrir en toute saison<\/a><\/h3>\n\n    <div class=\"post-meta\">\n    <a href=\"https:\/\/leclosdelacotedor.fr\/en\/category\/region-cote-dor\/\" rel=\"category tag\">region cote-d'or<\/a><\/div>\n\n            <div class=\"entry-content post-excerpt\">\n            <p>\n                Beaune est une ville historique et pittoresque au c\u0153ur de la Bourgogne. C&rsquo;est l&rsquo;endroit id\u00e9al pour partir en vacances ou en weekend prolong\u00e9 si vous cherchez \u00e0 vous d\u00e9payser loin des foules. Explorez les richesses culturelles, gastronomiques et viticoles de &hellip; <a href=\"https:\/\/leclosdelacotedor.fr\/en\/beaune-un-joyau-bourguignon-a-decouvrir-cet-ete\/\">Read More<\/a>            <\/p>\n        <\/div>\n            <div class=\"date-meta\">\n    <span class=\"thmv-author\">\n    <i class=\"xs-icon fa fa-calendar-o\"><\/i>\n    <!--div class=\"post-meta\"-->\n        <span class=\"themo-mas-date-meta show-author\"><a href=\"https:\/\/leclosdelacotedor.fr\/en\/author\/admin\/\" title=\"Posts by Mickael\" rel=\"author\">Mickael<\/a><\/span>\n    <\/span>\n    \n        <time class=\"themo-mas-date-meta published thmv-date\" datetime=\"2025-11-04T16:52:21+00:00\">November 4, 2025<\/time>\n                    <span class=\"themo-mas-date-meta show-comments\"><\/span>\n            <!--\/div-->\n    <span class=\"is-sticky\">Featured Post<\/span>\n<\/div><\/div>\n                                <\/div>\n\n                                                                                            <div class=\"mas-blog-post col-sm-6 col-md-4 post-2255 post type-post status-publish format-standard has-post-thumbnail hentry category-activites category-bourgogne\">\n                                                <a href=\"https:\/\/leclosdelacotedor.fr\/en\/champignons-en-bourgogne\/\">\n            <img loading=\"lazy\" decoding=\"async\" width=\"394\" height=\"303\" src=\"https:\/\/leclosdelacotedor.fr\/wp-content\/uploads\/2025\/09\/champignons-en-bourgogne-394x303.webp\" class=\"img-responsive wp-post-image\" alt=\"champignons en bourgogne\" srcset=\"https:\/\/leclosdelacotedor.fr\/wp-content\/uploads\/2025\/09\/champignons-en-bourgogne-394x303.webp 394w, https:\/\/leclosdelacotedor.fr\/wp-content\/uploads\/2025\/09\/champignons-en-bourgogne-14x12.webp 14w, https:\/\/leclosdelacotedor.fr\/wp-content\/uploads\/2025\/09\/champignons-en-bourgogne-605x465.webp 605w\" sizes=\"(max-width: 394px) 100vw, 394px\" \/>        <\/a>\n    \n<div class=\"post-inner\">\n    <h3 class=\"post-title\"><a href=\"https:\/\/leclosdelacotedor.fr\/en\/champignons-en-bourgogne\/\">Champignons en Bourgogne : Guide de la cueillette en Cote-d&rsquo;Or<\/a><\/h3>\n\n    <div class=\"post-meta\">\n    <a href=\"https:\/\/leclosdelacotedor.fr\/en\/category\/activites\/\" rel=\"category tag\">Activit\u00e9s<\/a>&nbsp;<a href=\"https:\/\/leclosdelacotedor.fr\/en\/category\/bourgogne\/\" rel=\"category tag\">Bourgogne<\/a><\/div>\n\n            <div class=\"entry-content post-excerpt\">\n            <p>\n                L&rsquo;automne en Bourgogne r\u00e9v\u00e8le un tr\u00e9sor m\u00e9connu qui pousse silencieusement sous les feuillages dor\u00e9s des for\u00eats : les champignons. Cette r\u00e9gion, c\u00e9l\u00e8bre pour ses vignobles et sa gastronomie, cache dans ses sous-bois une richesse mycologique exceptionnelle qui attire chaque ann\u00e9e &hellip; <a href=\"https:\/\/leclosdelacotedor.fr\/en\/champignons-en-bourgogne\/\">Read More<\/a>            <\/p>\n        <\/div>\n            <div class=\"date-meta\">\n    <span class=\"thmv-author\">\n    <i class=\"xs-icon fa fa-calendar-o\"><\/i>\n    <!--div class=\"post-meta\"-->\n        <span class=\"themo-mas-date-meta show-author\"><a href=\"https:\/\/leclosdelacotedor.fr\/en\/author\/audrey-vicariniau2vi-fr\/\" title=\"Posts by audrey.vicarini@au2vi.fr\" rel=\"author\">audrey.vicarini@au2vi.fr<\/a><\/span>\n    <\/span>\n    \n        <time class=\"themo-mas-date-meta published thmv-date\" datetime=\"2025-09-25T14:19:02+00:00\">September 25, 2025<\/time>\n            <!--\/div-->\n    <span class=\"is-sticky\">Featured Post<\/span>\n<\/div><\/div>\n                                <\/div>\n\n                                                                                            <div class=\"mas-blog-post col-sm-6 col-md-4 post-2182 post type-post status-publish format-standard has-post-thumbnail hentry category-activites category-bourgogne category-vignobles\">\n                                                <a href=\"https:\/\/leclosdelacotedor.fr\/en\/vendanges-en-bourgogne-secrets-et-traditions-du-vignoble\/\">\n            <img loading=\"lazy\" decoding=\"async\" width=\"394\" height=\"303\" src=\"https:\/\/leclosdelacotedor.fr\/wp-content\/uploads\/2025\/09\/vendanges-en-bourgogne-394x303.webp\" class=\"img-responsive wp-post-image\" alt=\"vendanges en bourgogne\" srcset=\"https:\/\/leclosdelacotedor.fr\/wp-content\/uploads\/2025\/09\/vendanges-en-bourgogne-394x303.webp 394w, https:\/\/leclosdelacotedor.fr\/wp-content\/uploads\/2025\/09\/vendanges-en-bourgogne-605x465.webp 605w\" sizes=\"(max-width: 394px) 100vw, 394px\" \/>        <\/a>\n    \n<div class=\"post-inner\">\n    <h3 class=\"post-title\"><a href=\"https:\/\/leclosdelacotedor.fr\/en\/vendanges-en-bourgogne-secrets-et-traditions-du-vignoble\/\">Vendanges en Bourgogne : Secrets et traditions du vignoble<\/a><\/h3>\n\n    <div class=\"post-meta\">\n    <a href=\"https:\/\/leclosdelacotedor.fr\/en\/category\/activites\/\" rel=\"category tag\">Activit\u00e9s<\/a>&nbsp;<a href=\"https:\/\/leclosdelacotedor.fr\/en\/category\/bourgogne\/\" rel=\"category tag\">Bourgogne<\/a>&nbsp;<a href=\"https:\/\/leclosdelacotedor.fr\/en\/category\/vignobles\/\" rel=\"category tag\">Vignobles<\/a><\/div>\n\n            <div class=\"entry-content post-excerpt\">\n            <p>\n                L&rsquo;automne en Bourgogne rev\u00eat une dimension particuli\u00e8re, presque mystique, lorsque r\u00e9sonne dans les vignes le cliquetis des s\u00e9cateurs et que s&rsquo;\u00e9l\u00e8vent les premi\u00e8res fum\u00e9es des cuvaisons. Cette p\u00e9riode des vendanges, attendue toute l&rsquo;ann\u00e9e par les vignerons, constitue l&rsquo;aboutissement de mois &hellip; <a href=\"https:\/\/leclosdelacotedor.fr\/en\/vendanges-en-bourgogne-secrets-et-traditions-du-vignoble\/\">Read More<\/a>            <\/p>\n        <\/div>\n            <div class=\"date-meta\">\n    <span class=\"thmv-author\">\n    <i class=\"xs-icon fa fa-calendar-o\"><\/i>\n    <!--div class=\"post-meta\"-->\n        <span class=\"themo-mas-date-meta show-author\"><a href=\"https:\/\/leclosdelacotedor.fr\/en\/author\/audrey-vicariniau2vi-fr\/\" title=\"Posts by audrey.vicarini@au2vi.fr\" rel=\"author\">audrey.vicarini@au2vi.fr<\/a><\/span>\n    <\/span>\n    \n        <time class=\"themo-mas-date-meta published thmv-date\" datetime=\"2025-09-03T14:44:00+00:00\">September 3, 2025<\/time>\n            <!--\/div-->\n    <span class=\"is-sticky\">Featured Post<\/span>\n<\/div><\/div>\n                                <\/div>\n\n                            \n                        <\/div>\n                                                    <div class=\"row\">\n                                <nav class=\"post-nav\">\n                                    <ul class=\"pager\">\n                                                                                    <li class=\"previous\"><a href=\"https:\/\/leclosdelacotedor.fr\/en\/wp-json\/wp\/v2\/pages\/590\/page\/2\/\" >&larr; Older posts<\/a><\/li>\n                                            <li class=\"next\"><\/li>\n                                                                            <\/ul>\n                                <\/nav>\n                            <\/div>\n                                            <\/section>\n\n                    \t\t\t\t<\/div>\n\t\t\t\t<\/div>\n\t\t\t\t\t<\/div>\n\t\t\t\t<\/div>\n\t\t\t\t<\/div>","protected":false},"excerpt":{"rendered":"<p>BLOG C\u00f4te-d&rsquo;Or : Une destination touristique attractive et dynamique region cote-d&rsquo;or La C\u00f4te-d&rsquo;Or a connu une ann\u00e9e 2023 exceptionnelle en termes de fr\u00e9quentation touristique, avec plus de 15,2 millions de nuit\u00e9es enregistr\u00e9es. Cette performance, la meilleure des sept derni\u00e8res ann\u00e9es, &hellip; <a href=\"https:\/\/leclosdelacotedor.fr\/en\/vendanges-en-bourgogne-secrets-et-traditions-du-vignoble\/\">Read More<\/a><\/p>","protected":false},"author":3,"featured_media":0,"parent":0,"menu_order":0,"comment_status":"closed","ping_status":"closed","template":"","meta":{"footnotes":""},"class_list":["post-590","page","type-page","status-publish","hentry"],"yoast_head":"<!-- This site is optimized with the Yoast SEO plugin v27.5 - https:\/\/yoast.com\/product\/yoast-seo-wordpress\/ -->\n<title>Blog - Clos de la c&ocirc;te-d&#039;or<\/title>\n<meta name=\"robots\" content=\"index, follow, max-snippet:-1, max-image-preview:large, max-video-preview:-1\" \/>\n<link rel=\"canonical\" href=\"https:\/\/leclosdelacotedor.fr\/en\/blog\/\" \/>\n<meta property=\"og:locale\" content=\"en_GB\" \/>\n<meta property=\"og:type\" content=\"article\" \/>\n<meta property=\"og:title\" content=\"Blog - Clos de la c&ocirc;te-d&#039;or\" \/>\n<meta property=\"og:description\" content=\"BLOG C\u00f4te-d&rsquo;Or : Une destination touristique attractive et dynamique region cote-d&rsquo;or La C\u00f4te-d&rsquo;Or a connu une ann\u00e9e 2023 exceptionnelle en termes de fr\u00e9quentation touristique, avec plus de 15,2 millions de nuit\u00e9es enregistr\u00e9es. Cette performance, la meilleure des sept derni\u00e8res ann\u00e9es, &hellip; Read More\" \/>\n<meta property=\"og:url\" content=\"https:\/\/leclosdelacotedor.fr\/en\/blog\/\" \/>\n<meta property=\"og:site_name\" content=\"Clos de la c&ocirc;te-d&#039;or\" \/>\n<meta property=\"article:modified_time\" content=\"2024-02-20T11:42:05+00:00\" \/>\n<meta property=\"og:image\" content=\"https:\/\/leclosdelacotedor.fr\/wp-content\/uploads\/2024\/02\/cote-dor-destination-394x303.webp\" \/>\n<meta name=\"twitter:card\" content=\"summary_large_image\" \/>\n<meta name=\"twitter:label1\" content=\"Estimated reading time\" \/>\n\t<meta name=\"twitter:data1\" content=\"2 minutes\" \/>\n<script type=\"application\/ld+json\" class=\"yoast-schema-graph\">{\"@context\":\"https:\\\/\\\/schema.org\",\"@graph\":[{\"@type\":\"WebPage\",\"@id\":\"https:\\\/\\\/leclosdelacotedor.fr\\\/blog\\\/\",\"url\":\"https:\\\/\\\/leclosdelacotedor.fr\\\/blog\\\/\",\"name\":\"Blog - Clos de la c&ocirc;te-d'or\",\"isPartOf\":{\"@id\":\"https:\\\/\\\/leclosdelacotedor.fr\\\/#website\"},\"primaryImageOfPage\":{\"@id\":\"https:\\\/\\\/leclosdelacotedor.fr\\\/blog\\\/#primaryimage\"},\"image\":{\"@id\":\"https:\\\/\\\/leclosdelacotedor.fr\\\/blog\\\/#primaryimage\"},\"thumbnailUrl\":\"https:\\\/\\\/leclosdelacotedor.fr\\\/wp-content\\\/uploads\\\/2024\\\/02\\\/cote-dor-destination-394x303.webp\",\"datePublished\":\"2024-02-14T06:15:54+00:00\",\"dateModified\":\"2024-02-20T11:42:05+00:00\",\"breadcrumb\":{\"@id\":\"https:\\\/\\\/leclosdelacotedor.fr\\\/blog\\\/#breadcrumb\"},\"inLanguage\":\"en-GB\",\"potentialAction\":[{\"@type\":\"ReadAction\",\"target\":[\"https:\\\/\\\/leclosdelacotedor.fr\\\/blog\\\/\"]}]},{\"@type\":\"ImageObject\",\"inLanguage\":\"en-GB\",\"@id\":\"https:\\\/\\\/leclosdelacotedor.fr\\\/blog\\\/#primaryimage\",\"url\":\"https:\\\/\\\/leclosdelacotedor.fr\\\/wp-content\\\/uploads\\\/2024\\\/02\\\/cote-dor-destination-394x303.webp\",\"contentUrl\":\"https:\\\/\\\/leclosdelacotedor.fr\\\/wp-content\\\/uploads\\\/2024\\\/02\\\/cote-dor-destination-394x303.webp\"},{\"@type\":\"BreadcrumbList\",\"@id\":\"https:\\\/\\\/leclosdelacotedor.fr\\\/blog\\\/#breadcrumb\",\"itemListElement\":[{\"@type\":\"ListItem\",\"position\":1,\"name\":\"Home\",\"item\":\"https:\\\/\\\/leclosdelacotedor.fr\\\/\"},{\"@type\":\"ListItem\",\"position\":2,\"name\":\"Blog\"}]},{\"@type\":\"WebSite\",\"@id\":\"https:\\\/\\\/leclosdelacotedor.fr\\\/#website\",\"url\":\"https:\\\/\\\/leclosdelacotedor.fr\\\/\",\"name\":\"Clos de la c&ocirc;te-d'or\",\"description\":\"\",\"publisher\":{\"@id\":\"https:\\\/\\\/leclosdelacotedor.fr\\\/#organization\"},\"potentialAction\":[{\"@type\":\"SearchAction\",\"target\":{\"@type\":\"EntryPoint\",\"urlTemplate\":\"https:\\\/\\\/leclosdelacotedor.fr\\\/?s={search_term_string}\"},\"query-input\":{\"@type\":\"PropertyValueSpecification\",\"valueRequired\":true,\"valueName\":\"search_term_string\"}}],\"inLanguage\":\"en-GB\"},{\"@type\":\"Organization\",\"@id\":\"https:\\\/\\\/leclosdelacotedor.fr\\\/#organization\",\"name\":\"Clos de la c&ocirc;te-d'or\",\"url\":\"https:\\\/\\\/leclosdelacotedor.fr\\\/\",\"logo\":{\"@type\":\"ImageObject\",\"inLanguage\":\"en-GB\",\"@id\":\"https:\\\/\\\/leclosdelacotedor.fr\\\/#\\\/schema\\\/logo\\\/image\\\/\",\"url\":\"https:\\\/\\\/leclosdelacotedor.fr\\\/wp-content\\\/uploads\\\/2024\\\/01\\\/cropped-gite-cote-dor-beaune.png\",\"contentUrl\":\"https:\\\/\\\/leclosdelacotedor.fr\\\/wp-content\\\/uploads\\\/2024\\\/01\\\/cropped-gite-cote-dor-beaune.png\",\"width\":975,\"height\":1243,\"caption\":\"Clos de la c&ocirc;te-d'or\"},\"image\":{\"@id\":\"https:\\\/\\\/leclosdelacotedor.fr\\\/#\\\/schema\\\/logo\\\/image\\\/\"}}]}<\/script>\n<!-- \/ Yoast SEO plugin. -->","yoast_head_json":{"title":"Blog - Clos de la c&ocirc;te-d'or","robots":{"index":"index","follow":"follow","max-snippet":"max-snippet:-1","max-image-preview":"max-image-preview:large","max-video-preview":"max-video-preview:-1"},"canonical":"https:\/\/leclosdelacotedor.fr\/en\/blog\/","og_locale":"en_GB","og_type":"article","og_title":"Blog - Clos de la c&ocirc;te-d'or","og_description":"BLOG C\u00f4te-d&rsquo;Or : Une destination touristique attractive et dynamique region cote-d&rsquo;or La C\u00f4te-d&rsquo;Or a connu une ann\u00e9e 2023 exceptionnelle en termes de fr\u00e9quentation touristique, avec plus de 15,2 millions de nuit\u00e9es enregistr\u00e9es. Cette performance, la meilleure des sept derni\u00e8res ann\u00e9es, &hellip; Read More","og_url":"https:\/\/leclosdelacotedor.fr\/en\/blog\/","og_site_name":"Clos de la c&ocirc;te-d'or","article_modified_time":"2024-02-20T11:42:05+00:00","og_image":[{"url":"https:\/\/leclosdelacotedor.fr\/wp-content\/uploads\/2024\/02\/cote-dor-destination-394x303.webp","type":"","width":"","height":""}],"twitter_card":"summary_large_image","twitter_misc":{"Estimated reading time":"2 minutes"},"schema":{"@context":"https:\/\/schema.org","@graph":[{"@type":"WebPage","@id":"https:\/\/leclosdelacotedor.fr\/blog\/","url":"https:\/\/leclosdelacotedor.fr\/blog\/","name":"Blog - Clos de la c&ocirc;te-d'or","isPartOf":{"@id":"https:\/\/leclosdelacotedor.fr\/#website"},"primaryImageOfPage":{"@id":"https:\/\/leclosdelacotedor.fr\/blog\/#primaryimage"},"image":{"@id":"https:\/\/leclosdelacotedor.fr\/blog\/#primaryimage"},"thumbnailUrl":"https:\/\/leclosdelacotedor.fr\/wp-content\/uploads\/2024\/02\/cote-dor-destination-394x303.webp","datePublished":"2024-02-14T06:15:54+00:00","dateModified":"2024-02-20T11:42:05+00:00","breadcrumb":{"@id":"https:\/\/leclosdelacotedor.fr\/blog\/#breadcrumb"},"inLanguage":"en-GB","potentialAction":[{"@type":"ReadAction","target":["https:\/\/leclosdelacotedor.fr\/blog\/"]}]},{"@type":"ImageObject","inLanguage":"en-GB","@id":"https:\/\/leclosdelacotedor.fr\/blog\/#primaryimage","url":"https:\/\/leclosdelacotedor.fr\/wp-content\/uploads\/2024\/02\/cote-dor-destination-394x303.webp","contentUrl":"https:\/\/leclosdelacotedor.fr\/wp-content\/uploads\/2024\/02\/cote-dor-destination-394x303.webp"},{"@type":"BreadcrumbList","@id":"https:\/\/leclosdelacotedor.fr\/blog\/#breadcrumb","itemListElement":[{"@type":"ListItem","position":1,"name":"Home","item":"https:\/\/leclosdelacotedor.fr\/"},{"@type":"ListItem","position":2,"name":"Blog"}]},{"@type":"WebSite","@id":"https:\/\/leclosdelacotedor.fr\/#website","url":"https:\/\/leclosdelacotedor.fr\/","name":"Clos de la c&ocirc;te-d'or","description":"","publisher":{"@id":"https:\/\/leclosdelacotedor.fr\/#organization"},"potentialAction":[{"@type":"SearchAction","target":{"@type":"EntryPoint","urlTemplate":"https:\/\/leclosdelacotedor.fr\/?s={search_term_string}"},"query-input":{"@type":"PropertyValueSpecification","valueRequired":true,"valueName":"search_term_string"}}],"inLanguage":"en-GB"},{"@type":"Organization","@id":"https:\/\/leclosdelacotedor.fr\/#organization","name":"Clos de la c&ocirc;te-d'or","url":"https:\/\/leclosdelacotedor.fr\/","logo":{"@type":"ImageObject","inLanguage":"en-GB","@id":"https:\/\/leclosdelacotedor.fr\/#\/schema\/logo\/image\/","url":"https:\/\/leclosdelacotedor.fr\/wp-content\/uploads\/2024\/01\/cropped-gite-cote-dor-beaune.png","contentUrl":"https:\/\/leclosdelacotedor.fr\/wp-content\/uploads\/2024\/01\/cropped-gite-cote-dor-beaune.png","width":975,"height":1243,"caption":"Clos de la c&ocirc;te-d'or"},"image":{"@id":"https:\/\/leclosdelacotedor.fr\/#\/schema\/logo\/image\/"}}]}},"_links":{"self":[{"href":"https:\/\/leclosdelacotedor.fr\/en\/wp-json\/wp\/v2\/pages\/590","targetHints":{"allow":["GET"]}}],"collection":[{"href":"https:\/\/leclosdelacotedor.fr\/en\/wp-json\/wp\/v2\/pages"}],"about":[{"href":"https:\/\/leclosdelacotedor.fr\/en\/wp-json\/wp\/v2\/types\/page"}],"author":[{"embeddable":true,"href":"https:\/\/leclosdelacotedor.fr\/en\/wp-json\/wp\/v2\/users\/3"}],"replies":[{"embeddable":true,"href":"https:\/\/leclosdelacotedor.fr\/en\/wp-json\/wp\/v2\/comments?post=590"}],"version-history":[{"count":17,"href":"https:\/\/leclosdelacotedor.fr\/en\/wp-json\/wp\/v2\/pages\/590\/revisions"}],"predecessor-version":[{"id":880,"href":"https:\/\/leclosdelacotedor.fr\/en\/wp-json\/wp\/v2\/pages\/590\/revisions\/880"}],"wp:attachment":[{"href":"https:\/\/leclosdelacotedor.fr\/en\/wp-json\/wp\/v2\/media?parent=590"}],"curies":[{"name":"wp","href":"https:\/\/api.w.org\/{rel}","templated":true}]}}